{"id":30,"date":"2024-09-01T17:04:00","date_gmt":"2024-09-01T15:04:00","guid":{"rendered":"http:\/\/www.pharmaciedujorat.ch\/wordpress\/?page_id=30"},"modified":"2026-03-31T12:13:15","modified_gmt":"2026-03-31T10:13:15","slug":"horaires","status":"publish","type":"page","link":"https:\/\/www.pharmaciedujorat.ch\/index.php\/infos-pratiques\/horaires\/","title":{"rendered":"Horaires"},"content":{"rendered":"\n<p>Horaires de P\u00e2ques 2026 <a href=\"https:\/\/www.pharmaciedujorat.ch\/index.php\/2026\/03\/31\/horaires-du-week-end-pascal-2022\/\" data-type=\"post\" data-id=\"1310\">ici<\/a>.<\/p>\n\n\n\n<h3 class=\"wp-block-heading\"><strong>Horaires d\u2019ouverture habituels de la pharmacie&nbsp;:<\/strong><\/h3>\n\n\n\n<figure class=\"wp-block-table is-style-stripes\"><table><tbody><tr><td><span style=\"color: #000000;\">Lundi<\/span><\/td><td><span style=\"color: #000000;\">8 h. 00 \u2013 12 h. 15<\/span><\/td><td><span style=\"color: #000000;\">14 h. 00 \u2013 18 h. 30<\/span><\/td><\/tr><tr><td><span style=\"color: #000000;\">Mardi<\/span><\/td><td><span style=\"color: #000000;\">8 h. 00 \u2013 12 h. 15<\/span><\/td><td><span style=\"color: #000000;\">14 h. 00 \u2013 18 h. 30<\/span><\/td><\/tr><tr><td><span style=\"color: #000000;\">Mercredi<\/span><\/td><td><span style=\"color: #000000;\">8 h. 00 \u2013 12 h. 15<\/span><\/td><td><span style=\"color: #000000;\">14 h. 00 \u2013 18 h. 30<\/span><\/td><\/tr><tr><td><span style=\"color: #000000;\">Jeudi<\/span><\/td><td><span style=\"color: #000000;\">8 h. 00 \u2013 12 h. 15<\/span><\/td><td><span style=\"color: #000000;\"><span style=\"color: #000000;\">14 h. 00 \u2013 18 h. 30<\/span><\/span><\/td><\/tr><tr><td><span style=\"color: #000000;\">Vendredi <\/span><\/td><td><span style=\"color: #000000;\">8 h. 00 \u2013 12 h. 15<\/span><\/td><td><span style=\"color: #000000;\">14 h. 00 \u2013 18 h. 30<\/span><\/td><\/tr><tr><td><span style=\"color: #000000;\">Samedi<\/span><\/td><td><span style=\"color: #000000;\">8 h. 00 \u2013 12 h. 15<\/span><\/td><td><span style=\"color: #000000;\">Ferm\u00e9 apr\u00e8s-midi<\/span><\/td><\/tr><\/tbody><\/table><\/figure>\n\n\n\n<h3 class=\"wp-block-heading\">Dimanches, jours f\u00e9ri\u00e9s, veille des jours f\u00e9ri\u00e9s<\/h3>\n\n\n\n<p>La pharmacie est ferm\u00e9e les jours f\u00e9ri\u00e9s officiels<sup><a href=\"#feries_officiels\">*<\/a><\/sup> et le 26 d\u00e9cembre. <br>Les veilles de jours f\u00e9ri\u00e9s, la pharmacie ferme plus t\u00f4t, \u00e0 16 heures. <\/p>\n\n\n\n<hr class=\"wp-block-separator has-css-opacity\"\/>\n\n\n\n<h3 class=\"wp-block-heading\">Pharmacies de garde<\/h3>\n\n\n\n<figure class=\"wp-block-table\"><table><tbody><tr><td>Pharmacie de l&rsquo;H\u00f4tel de Ville, Echallens<br><\/td><td>11h00 &#8211; 12h00<br>(jours f\u00e9ri\u00e9s)<\/td><\/tr><tr><td><a href=\"https:\/\/pharmacie24.ch\/contact.php\" target=\"_blank\" rel=\"noreferrer noopener\">Pharmacie 24<\/a>, av. de Montchoisi 3, Lausanne<br><\/td><td>08h00 &#8211; 24h00<br>(365 jours\/365)<\/td><\/tr><\/tbody><\/table><figcaption class=\"wp-element-caption\">Pharmacies ouvertes les dimanches et jours f\u00e9ri\u00e9s<\/figcaption><\/figure>\n\n\n\n<figure class=\"wp-block-image alignnone is-resized\"><a href=\"http:\/\/www.pharmaciedujorat.ch\/wp-content\/uploads\/2015\/07\/pharma_001.jpg\"><img loading=\"lazy\" decoding=\"async\" width=\"300\" height=\"225\" src=\"http:\/\/www.pharmaciedujorat.ch\/wp-content\/uploads\/2015\/07\/pharma_001-300x225.jpg\" alt=\"Enseigne\" class=\"wp-image-31\" srcset=\"https:\/\/www.pharmaciedujorat.ch\/wp-content\/uploads\/2015\/07\/pharma_001-300x225.jpg 300w, https:\/\/www.pharmaciedujorat.ch\/wp-content\/uploads\/2015\/07\/pharma_001.jpg 640w\" sizes=\"auto, (max-width: 300px) 100vw, 300px\" \/><\/a><figcaption class=\"wp-element-caption\">Enseigne<\/figcaption><\/figure>\n\n\n\n<p><a name=\"feries_officiels\"><sup>*<\/sup><\/a> Jours f\u00e9ri\u00e9s officiels dans le Canton de Vaud : 1<sup>er<\/sup> et 2 janvier, Vendredi saint, lundi de P\u00e2ques, jeudi de l&rsquo;Ascension, lundi de Pentec\u00f4te, 1<sup>er<\/sup> ao\u00fbt, lundi du Je\u00fbne f\u00e9d\u00e9ral, No\u00ebl.<\/p>\n","protected":false},"excerpt":{"rendered":"<p>Horaires de P\u00e2ques 2026 ici. Horaires d\u2019ouverture habituels de la pharmacie&nbsp;: Lundi 8 h. 00 \u2013 12 h. 15 14 h. 00 \u2013 18 h. 30 Mardi 8 h. 00 \u2013 12 h. 15 14 h. 00 \u2013 18 h. 30 Mercredi 8 h. 00 \u2013 12 h. 15 14 h. 00 \u2013 18 h.&hellip; <a class=\"more-link\" href=\"https:\/\/www.pharmaciedujorat.ch\/index.php\/infos-pratiques\/horaires\/\">Poursuivre la lecture <span class=\"screen-reader-text\">Horaires<\/span><\/a><\/p>\n","protected":false},"author":1,"featured_media":0,"parent":25,"menu_order":1,"comment_status":"closed","ping_status":"open","template":"","meta":{"footnotes":""},"class_list":["post-30","page","type-page","status-publish","hentry","entry"],"publishpress_future_action":{"enabled":false,"date":"2026-05-09 08:16:56","action":"change-status","newStatus":"draft","terms":[],"taxonomy":"","extraData":[]},"publishpress_future_workflow_manual_trigger":{"enabledWorkflows":[]},"_links":{"self":[{"href":"https:\/\/www.pharmaciedujorat.ch\/index.php\/wp-json\/wp\/v2\/pages\/30","targetHints":{"allow":["GET"]}}],"collection":[{"href":"https:\/\/www.pharmaciedujorat.ch\/index.php\/wp-json\/wp\/v2\/pages"}],"about":[{"href":"https:\/\/www.pharmaciedujorat.ch\/index.php\/wp-json\/wp\/v2\/types\/page"}],"author":[{"embeddable":true,"href":"https:\/\/www.pharmaciedujorat.ch\/index.php\/wp-json\/wp\/v2\/users\/1"}],"replies":[{"embeddable":true,"href":"https:\/\/www.pharmaciedujorat.ch\/index.php\/wp-json\/wp\/v2\/comments?post=30"}],"version-history":[{"count":80,"href":"https:\/\/www.pharmaciedujorat.ch\/index.php\/wp-json\/wp\/v2\/pages\/30\/revisions"}],"predecessor-version":[{"id":1699,"href":"https:\/\/www.pharmaciedujorat.ch\/index.php\/wp-json\/wp\/v2\/pages\/30\/revisions\/1699"}],"up":[{"embeddable":true,"href":"https:\/\/www.pharmaciedujorat.ch\/index.php\/wp-json\/wp\/v2\/pages\/25"}],"wp:attachment":[{"href":"https:\/\/www.pharmaciedujorat.ch\/index.php\/wp-json\/wp\/v2\/media?parent=30"}],"curies":[{"name":"wp","href":"https:\/\/api.w.org\/{rel}","templated":true}]}}